{"id":4711,"date":"2020-11-17T07:16:22","date_gmt":"2020-11-17T06:16:22","guid":{"rendered":"http:\/\/dom-glina.hr\/?page_id=4711"},"modified":"2024-06-25T19:14:15","modified_gmt":"2024-06-25T17:14:15","slug":"usluge","status":"publish","type":"page","link":"https:\/\/dom-glina.hr\/?page_id=4711","title":{"rendered":"Usluge"},"content":{"rendered":"<p style=\"text-align: left;\"><strong>STAMBENI SMJE\u0160TAJ<\/strong><\/p>\n<p>&nbsp;<\/p>\n<p><img loading=\"lazy\" decoding=\"async\" class=\"alignnone size-large wp-image-4737\" src=\"http:\/\/dom-glina.hr\/wp-content\/uploads\/2020\/11\/slike-za-stranicu-1024x288.jpg\" alt=\"Smje\u0161taj Dom Glina\" width=\"1024\" height=\"288\" srcset=\"https:\/\/dom-glina.hr\/wp-content\/uploads\/2020\/11\/slike-za-stranicu.jpg 1024w, https:\/\/dom-glina.hr\/wp-content\/uploads\/2020\/11\/slike-za-stranicu-300x84.jpg 300w, https:\/\/dom-glina.hr\/wp-content\/uploads\/2020\/11\/slike-za-stranicu-768x216.jpg 768w\" sizes=\"(max-width: 1024px) 100vw, 1024px\" \/><\/p>\n<p style=\"text-align: left;\">Stambeni smje\u0161taj obuhva\u0107a smje\u0161taj u jednokrevetnim, dvokrevetnim i trokrevetnim sobama raspore\u0111enim na I katu Doma.<\/p>\n<p style=\"text-align: left;\">Njihova opremljenost u potpunosti je svojom funkcijom, kvalitetom i ergonomijom prilago\u0111ena kori\u0161tenju osoba starije \u017eivotne dobi. Prehrana osoba zbrinutih u stambenom smje\u0161taju obuhva\u0107a tri glavna obroka \u2013 doru\u010dak, ru\u010dak i ve\u010deru te jedan me\u0111uobrok uskla\u0111ena s normativima za prehranu starijih osoba.<\/p>\n<p style=\"text-align: left;\">Briga o zdravlju, njega i odr\u017eavanje osobne higijene, usluge socijalnog rada, pranje i gla\u010danje rublja, odr\u017eavanje higijene prostora uz razne rekreativne aktivnosti \u010dine boravak u stambenom smje\u0161taju potpunim. Prostorije doma su klimatizirane. Korisnici imaju besplatan pristup telefonu i internetu.<\/p>\n<p style=\"text-align: left;\">U dvori\u0161tu Doma, nalazi se veliki, a li novo ure\u0111en park sa sjenicama i klupama za sjedenje. Park se nalazi oko doma, u mirnom okru\u017eenju, te je pogodan za ugodan boravak korisnika na otvorenom.<br \/>\nPosebno va\u017ena je usluga izvaninstitucijskih oblika skrbi i podr\u0161ka starijim osobama u njihovom domu koja se pru\u017ea kroz uslugu pomo\u0107i u ku\u0107i, dostavu gotovog obroka.<\/p>\n<p>&nbsp;<\/p>\n<p><strong>Dokumentacija za smje\u0161taj u Dom za starije osobe Glina<\/strong><br \/>\n<a href=\"https:\/\/dom-glina.hr\/?page_id=956\"><span style=\"text-decoration: underline; color: #3366ff;\"><em>https:\/\/dom-glina.hr\/?page_id=956<\/em><\/span><\/a><\/p>\n<p>&nbsp;<\/p>\n<p style=\"text-align: left;\"><strong>ODJEL POJA\u010cANE NJEGE ILI STACIONAR<\/strong><\/p>\n<p><img loading=\"lazy\" decoding=\"async\" class=\"alignnone wp-image-4728 size-full\" src=\"http:\/\/dom-glina.hr\/wp-content\/uploads\/2020\/11\/stacionar.jpg\" alt=\"Stacionar Dom Glina\" width=\"1024\" height=\"288\" srcset=\"https:\/\/dom-glina.hr\/wp-content\/uploads\/2020\/11\/stacionar.jpg 1024w, https:\/\/dom-glina.hr\/wp-content\/uploads\/2020\/11\/stacionar-300x84.jpg 300w, https:\/\/dom-glina.hr\/wp-content\/uploads\/2020\/11\/stacionar-768x216.jpg 768w\" sizes=\"(max-width: 1024px) 100vw, 1024px\" \/><\/p>\n<p style=\"text-align: left;\">Stacionar pru\u017ea smje\u0161taj u jednokrevetnim, dvokrevetnim i trokrevetnim sobama II. i III. katu te\u0161ko pokretnim i nepokretnim korisnicima koji zahtijevaju 24-satnu zdravstvenu njegu stru\u010dnog osoblja \u2013 kompletna njega \u0161ti\u010denika, nabava lijekova te briga o terapiji, organiziranje prijevoza na preglede\/kontrole te osigurana pratnja za iste, dolazak lije\u010dnika op\u0107e prakse u posjet te fizikalne terapije po nalogu lije\u010dnika.<\/p>\n<p style=\"text-align: left;\">Odjel poja\u010dane njege organiziran je u samostalnu funkcionalnu cjelinu sa svim potrebnim prate\u0107im prostorima \u2013 dnevni boravak blagovaonica, \u010dajna kuhinja, zajedni\u010dka kupaonica opremljena svim potrebnim pomagalima.<\/p>\n<p style=\"text-align: left;\">Sobe su u potpunosti prilago\u0111ene pokretnim, polupokretnim i nepokretnim osobama, opremljene najnovijim medicinskim krevetima s pomi\u010dnim dijelovima kojima se upravlja na daljinski upravlja\u010d. Sobe su prostrane, opremljene SOS sustavom i priklju\u010dkom za TV, besplatnim pristupom internetu.<br \/>\n.<br \/>\nDom smo uredili po visokim standardima za prostorno ure\u0111enje te ga upotpunili vrhunskom medicinskom opremom (rukohvati, invalidska kolica, hodalice, rekviziti za vjezbanje, antidekubitalni madraci\u2026)<\/p>\n<p style=\"text-align: left;\">Stru\u010dno i educirano osoblje pru\u017ea maksimalnu pomo\u0107 i podr\u0161ku pri obavljanju svakodnevnih radnji poput odijevanja, hranjenja, obavljanja osobne higijene, pomo\u0107i kod obavljanja fiziolo\u0161kih potrebe.<\/p>\n<p>&nbsp;<\/p>\n<p style=\"text-align: left;\"><strong>ZDRAVSTVENA NJEGA<\/strong><\/p>\n<p><img loading=\"lazy\" decoding=\"async\" class=\"alignnone wp-image-4731 size-large\" src=\"http:\/\/dom-glina.hr\/wp-content\/uploads\/2020\/11\/zdravstvena_njega-1024x288.jpg\" alt=\"Zdravstvena njega Dom Glina\" width=\"1024\" height=\"288\" srcset=\"https:\/\/dom-glina.hr\/wp-content\/uploads\/2020\/11\/zdravstvena_njega.jpg 1024w, https:\/\/dom-glina.hr\/wp-content\/uploads\/2020\/11\/zdravstvena_njega-300x84.jpg 300w, https:\/\/dom-glina.hr\/wp-content\/uploads\/2020\/11\/zdravstvena_njega-768x216.jpg 768w\" sizes=\"(max-width: 1024px) 100vw, 1024px\" \/><\/p>\n<p style=\"text-align: left;\">Obuhva\u0107a individualan pristup svakom korisniku. Zdravstveni tim \u010dini lije\u010dnik u domu zdravlja odmah kraj doma, vi\u0161a medicinska sestra, medicinske sestre, njegovateljice te su u svakom trenutku na raspolaganju korisnicima Doma pru\u017eaju\u0107i maksimalno kvalitetnu zdravstvenu skrb.<\/p>\n<p style=\"text-align: left;\">Mogu\u0107nosti organiziranog provo\u0111enja slobodnog vremena, radne terapije, rekreativnih i vjerskih aktivnosti \u010dine zdravstvenu skrb potpunom jer se jednaka pa\u017enja posve\u0107uje i duhu i tijelu.<\/p>\n<!-- default-view.php -->\n<div\n\tclass=\"ngg-galleryoverview default-view \n\t ngg-ajax-pagination-none\t\"\n\tid=\"ngg-gallery-0078816581ef9aa906c36f9d6eb506cb-1\">\n\n\t\t<!-- Thumbnails -->\n\t\t\t\t<div id=\"ngg-image-0\" class=\"ngg-gallery-thumbnail-box \n\t\t\t\t\t\t\t\t\t\t\t\" \n\t\t\t>\n\t\t\t\t\t\t<div class=\"ngg-gallery-thumbnail\">\n\t\t\t<a href=\"https:\/\/dom-glina.hr\/wp-content\/gallery\/ambulanta\/ambulanta-1.jpg\"\n\t\t\t\ttitle=\"\"\n\t\t\t\tdata-src=\"https:\/\/dom-glina.hr\/wp-content\/gallery\/ambulanta\/ambulanta-1.jpg\"\n\t\t\t\tdata-thumbnail=\"https:\/\/dom-glina.hr\/wp-content\/gallery\/ambulanta\/thumbs\/thumbs_ambulanta-1.jpg\"\n\t\t\t\tdata-image-id=\"1355\"\n\t\t\t\tdata-title=\"ambulanta 1\"\n\t\t\t\tdata-description=\"\"\n\t\t\t\tdata-image-slug=\"ambulanta-1\"\n\t\t\t\tclass=\"ngg-fancybox\" rel=\"0078816581ef9aa906c36f9d6eb506cb\">\n\t\t\t\t<img\n\t\t\t\t\ttitle=\"ambulanta 1\"\n\t\t\t\t\talt=\"ambulanta 1\"\n\t\t\t\t\tsrc=\"https:\/\/dom-glina.hr\/wp-content\/gallery\/ambulanta\/thumbs\/thumbs_ambulanta-1.jpg\"\n\t\t\t\t\twidth=\"240\"\n\t\t\t\t\theight=\"160\"\n\t\t\t\t\tstyle=\"max-width:100%;\"\n\t\t\t\t\/>\n\t\t\t<\/a>\n\t\t<\/div>\n\t\t\t\t\t\t\t<\/div> \n\t\t\t\n\t\t\t\t<div id=\"ngg-image-1\" class=\"ngg-gallery-thumbnail-box \n\t\t\t\t\t\t\t\t\t\t\t\" \n\t\t\t>\n\t\t\t\t\t\t<div class=\"ngg-gallery-thumbnail\">\n\t\t\t<a href=\"https:\/\/dom-glina.hr\/wp-content\/gallery\/ambulanta\/ambulanta-2.jpg\"\n\t\t\t\ttitle=\"\"\n\t\t\t\tdata-src=\"https:\/\/dom-glina.hr\/wp-content\/gallery\/ambulanta\/ambulanta-2.jpg\"\n\t\t\t\tdata-thumbnail=\"https:\/\/dom-glina.hr\/wp-content\/gallery\/ambulanta\/thumbs\/thumbs_ambulanta-2.jpg\"\n\t\t\t\tdata-image-id=\"1356\"\n\t\t\t\tdata-title=\"ambulanta 2\"\n\t\t\t\tdata-description=\"\"\n\t\t\t\tdata-image-slug=\"ambulanta-2\"\n\t\t\t\tclass=\"ngg-fancybox\" rel=\"0078816581ef9aa906c36f9d6eb506cb\">\n\t\t\t\t<img\n\t\t\t\t\ttitle=\"ambulanta 2\"\n\t\t\t\t\talt=\"ambulanta 2\"\n\t\t\t\t\tsrc=\"https:\/\/dom-glina.hr\/wp-content\/gallery\/ambulanta\/thumbs\/thumbs_ambulanta-2.jpg\"\n\t\t\t\t\twidth=\"240\"\n\t\t\t\t\theight=\"160\"\n\t\t\t\t\tstyle=\"max-width:100%;\"\n\t\t\t\t\/>\n\t\t\t<\/a>\n\t\t<\/div>\n\t\t\t\t\t\t\t<\/div> \n\t\t\t\n\t\n\t<br style=\"clear: both\" \/>\n\n\t\n\t\t<!-- Pagination -->\n\t\t<div class='ngg-clear'><\/div>\t<\/div>\n\n<p style=\"text-align: left;\"><strong>USLUGA SOCIJALNOG RADA<\/strong><\/p>\n<!-- default-view.php -->\n<div\n\tclass=\"ngg-galleryoverview default-view \n\t ngg-ajax-pagination-none\t\"\n\tid=\"ngg-gallery-7dee368768ad76e6a46bb4c1d21cb29b-1\">\n\n\t\t<!-- Thumbnails -->\n\t\t\t\t<div id=\"ngg-image-0\" class=\"ngg-gallery-thumbnail-box \n\t\t\t\t\t\t\t\t\t\t\t\" \n\t\t\t>\n\t\t\t\t\t\t<div class=\"ngg-gallery-thumbnail\">\n\t\t\t<a href=\"https:\/\/dom-glina.hr\/wp-content\/gallery\/socijalni-rad-i-radna-terapija-19112020\/20201013_093601.jpg\"\n\t\t\t\ttitle=\"\"\n\t\t\t\tdata-src=\"https:\/\/dom-glina.hr\/wp-content\/gallery\/socijalni-rad-i-radna-terapija-19112020\/20201013_093601.jpg\"\n\t\t\t\tdata-thumbnail=\"https:\/\/dom-glina.hr\/wp-content\/gallery\/socijalni-rad-i-radna-terapija-19112020\/thumbs\/thumbs_20201013_093601.jpg\"\n\t\t\t\tdata-image-id=\"1365\"\n\t\t\t\tdata-title=\"Socijalni rad i radna terapija 1\"\n\t\t\t\tdata-description=\"\"\n\t\t\t\tdata-image-slug=\"20201013_093601\"\n\t\t\t\tclass=\"ngg-fancybox\" rel=\"7dee368768ad76e6a46bb4c1d21cb29b\">\n\t\t\t\t<img\n\t\t\t\t\ttitle=\"Socijalni rad i radna terapija 1\"\n\t\t\t\t\talt=\"Socijalni rad i radna terapija 1\"\n\t\t\t\t\tsrc=\"https:\/\/dom-glina.hr\/wp-content\/gallery\/socijalni-rad-i-radna-terapija-19112020\/thumbs\/thumbs_20201013_093601.jpg\"\n\t\t\t\t\twidth=\"240\"\n\t\t\t\t\theight=\"160\"\n\t\t\t\t\tstyle=\"max-width:100%;\"\n\t\t\t\t\/>\n\t\t\t<\/a>\n\t\t<\/div>\n\t\t\t\t\t\t\t<\/div> \n\t\t\t\n\t\t\t\t<div id=\"ngg-image-1\" class=\"ngg-gallery-thumbnail-box \n\t\t\t\t\t\t\t\t\t\t\t\" \n\t\t\t>\n\t\t\t\t\t\t<div class=\"ngg-gallery-thumbnail\">\n\t\t\t<a href=\"https:\/\/dom-glina.hr\/wp-content\/gallery\/socijalni-rad-i-radna-terapija-19112020\/IMG-20200917-WA0007.jpg\"\n\t\t\t\ttitle=\"\"\n\t\t\t\tdata-src=\"https:\/\/dom-glina.hr\/wp-content\/gallery\/socijalni-rad-i-radna-terapija-19112020\/IMG-20200917-WA0007.jpg\"\n\t\t\t\tdata-thumbnail=\"https:\/\/dom-glina.hr\/wp-content\/gallery\/socijalni-rad-i-radna-terapija-19112020\/thumbs\/thumbs_IMG-20200917-WA0007.jpg\"\n\t\t\t\tdata-image-id=\"1366\"\n\t\t\t\tdata-title=\"Socijalni rad i radna terapija 2\"\n\t\t\t\tdata-description=\"\"\n\t\t\t\tdata-image-slug=\"img-20200917-wa0007\"\n\t\t\t\tclass=\"ngg-fancybox\" rel=\"7dee368768ad76e6a46bb4c1d21cb29b\">\n\t\t\t\t<img\n\t\t\t\t\ttitle=\"Socijalni rad i radna terapija 2\"\n\t\t\t\t\talt=\"Socijalni rad i radna terapija 2\"\n\t\t\t\t\tsrc=\"https:\/\/dom-glina.hr\/wp-content\/gallery\/socijalni-rad-i-radna-terapija-19112020\/thumbs\/thumbs_IMG-20200917-WA0007.jpg\"\n\t\t\t\t\twidth=\"240\"\n\t\t\t\t\theight=\"160\"\n\t\t\t\t\tstyle=\"max-width:100%;\"\n\t\t\t\t\/>\n\t\t\t<\/a>\n\t\t<\/div>\n\t\t\t\t\t\t\t<\/div> \n\t\t\t\n\t\t\t\t<div id=\"ngg-image-2\" class=\"ngg-gallery-thumbnail-box \n\t\t\t\t\t\t\t\t\t\t\t\" \n\t\t\t>\n\t\t\t\t\t\t<div class=\"ngg-gallery-thumbnail\">\n\t\t\t<a href=\"https:\/\/dom-glina.hr\/wp-content\/gallery\/socijalni-rad-i-radna-terapija-19112020\/IMG-20201009-WA0003.jpg\"\n\t\t\t\ttitle=\"\"\n\t\t\t\tdata-src=\"https:\/\/dom-glina.hr\/wp-content\/gallery\/socijalni-rad-i-radna-terapija-19112020\/IMG-20201009-WA0003.jpg\"\n\t\t\t\tdata-thumbnail=\"https:\/\/dom-glina.hr\/wp-content\/gallery\/socijalni-rad-i-radna-terapija-19112020\/thumbs\/thumbs_IMG-20201009-WA0003.jpg\"\n\t\t\t\tdata-image-id=\"1367\"\n\t\t\t\tdata-title=\"Socijalni rad i radna terapija 3\"\n\t\t\t\tdata-description=\"\"\n\t\t\t\tdata-image-slug=\"img-20201009-wa0003\"\n\t\t\t\tclass=\"ngg-fancybox\" rel=\"7dee368768ad76e6a46bb4c1d21cb29b\">\n\t\t\t\t<img\n\t\t\t\t\ttitle=\"Socijalni rad i radna terapija 3\"\n\t\t\t\t\talt=\"Socijalni rad i radna terapija 3\"\n\t\t\t\t\tsrc=\"https:\/\/dom-glina.hr\/wp-content\/gallery\/socijalni-rad-i-radna-terapija-19112020\/thumbs\/thumbs_IMG-20201009-WA0003.jpg\"\n\t\t\t\t\twidth=\"240\"\n\t\t\t\t\theight=\"160\"\n\t\t\t\t\tstyle=\"max-width:100%;\"\n\t\t\t\t\/>\n\t\t\t<\/a>\n\t\t<\/div>\n\t\t\t\t\t\t\t<\/div> \n\t\t\t\n\t\n\t<br style=\"clear: both\" \/>\n\n\t\n\t\t<!-- Pagination -->\n\t\t<div class='ngg-clear'><\/div>\t<\/div>\n\n<p style=\"text-align: left;\"><strong>PRANJE I GLA\u010cANJE RUBLJA<\/strong><\/p>\n<!-- default-view.php -->\n<div\n\tclass=\"ngg-galleryoverview default-view \n\t ngg-ajax-pagination-none\t\"\n\tid=\"ngg-gallery-3dbc60d3d0043e76f9ed6ce42152f171-1\">\n\n\t\t<!-- Thumbnails -->\n\t\t\t\t<div id=\"ngg-image-0\" class=\"ngg-gallery-thumbnail-box \n\t\t\t\t\t\t\t\t\t\t\t\" \n\t\t\t>\n\t\t\t\t\t\t<div class=\"ngg-gallery-thumbnail\">\n\t\t\t<a href=\"https:\/\/dom-glina.hr\/wp-content\/gallery\/praonica-19112020\/Picture1.jpg\"\n\t\t\t\ttitle=\"\"\n\t\t\t\tdata-src=\"https:\/\/dom-glina.hr\/wp-content\/gallery\/praonica-19112020\/Picture1.jpg\"\n\t\t\t\tdata-thumbnail=\"https:\/\/dom-glina.hr\/wp-content\/gallery\/praonica-19112020\/thumbs\/thumbs_Picture1.jpg\"\n\t\t\t\tdata-image-id=\"1368\"\n\t\t\t\tdata-title=\"Praonica 1\"\n\t\t\t\tdata-description=\"\"\n\t\t\t\tdata-image-slug=\"picture1-5\"\n\t\t\t\tclass=\"ngg-fancybox\" rel=\"3dbc60d3d0043e76f9ed6ce42152f171\">\n\t\t\t\t<img\n\t\t\t\t\ttitle=\"Praonica 1\"\n\t\t\t\t\talt=\"Praonica 1\"\n\t\t\t\t\tsrc=\"https:\/\/dom-glina.hr\/wp-content\/gallery\/praonica-19112020\/thumbs\/thumbs_Picture1.jpg\"\n\t\t\t\t\twidth=\"240\"\n\t\t\t\t\theight=\"160\"\n\t\t\t\t\tstyle=\"max-width:100%;\"\n\t\t\t\t\/>\n\t\t\t<\/a>\n\t\t<\/div>\n\t\t\t\t\t\t\t<\/div> \n\t\t\t\n\t\t\t\t<div id=\"ngg-image-1\" class=\"ngg-gallery-thumbnail-box \n\t\t\t\t\t\t\t\t\t\t\t\" \n\t\t\t>\n\t\t\t\t\t\t<div class=\"ngg-gallery-thumbnail\">\n\t\t\t<a href=\"https:\/\/dom-glina.hr\/wp-content\/gallery\/praonica-19112020\/Picture2.jpg\"\n\t\t\t\ttitle=\"\"\n\t\t\t\tdata-src=\"https:\/\/dom-glina.hr\/wp-content\/gallery\/praonica-19112020\/Picture2.jpg\"\n\t\t\t\tdata-thumbnail=\"https:\/\/dom-glina.hr\/wp-content\/gallery\/praonica-19112020\/thumbs\/thumbs_Picture2.jpg\"\n\t\t\t\tdata-image-id=\"1369\"\n\t\t\t\tdata-title=\"Praonica 2\"\n\t\t\t\tdata-description=\"\"\n\t\t\t\tdata-image-slug=\"picture2-5\"\n\t\t\t\tclass=\"ngg-fancybox\" rel=\"3dbc60d3d0043e76f9ed6ce42152f171\">\n\t\t\t\t<img\n\t\t\t\t\ttitle=\"Praonica 2\"\n\t\t\t\t\talt=\"Praonica 2\"\n\t\t\t\t\tsrc=\"https:\/\/dom-glina.hr\/wp-content\/gallery\/praonica-19112020\/thumbs\/thumbs_Picture2.jpg\"\n\t\t\t\t\twidth=\"240\"\n\t\t\t\t\theight=\"160\"\n\t\t\t\t\tstyle=\"max-width:100%;\"\n\t\t\t\t\/>\n\t\t\t<\/a>\n\t\t<\/div>\n\t\t\t\t\t\t\t<\/div> \n\t\t\t\n\t\n\t<br style=\"clear: both\" \/>\n\n\t\n\t\t<!-- Pagination -->\n\t\t<div class='ngg-clear'><\/div>\t<\/div>\n\n<p style=\"text-align: left;\"><strong>RAZNE REKREATIVNE AKTIVNOSTI<\/strong><\/p>\n<p><img loading=\"lazy\" decoding=\"async\" class=\"alignnone wp-image-4733 size-large\" src=\"http:\/\/dom-glina.hr\/wp-content\/uploads\/2020\/11\/rekreativne_aktivnosti-1024x288.jpg\" alt=\"Rekreativne aktivnosti Dom Glina\" width=\"1024\" height=\"288\" srcset=\"https:\/\/dom-glina.hr\/wp-content\/uploads\/2020\/11\/rekreativne_aktivnosti.jpg 1024w, https:\/\/dom-glina.hr\/wp-content\/uploads\/2020\/11\/rekreativne_aktivnosti-300x84.jpg 300w, https:\/\/dom-glina.hr\/wp-content\/uploads\/2020\/11\/rekreativne_aktivnosti-768x216.jpg 768w\" sizes=\"(max-width: 1024px) 100vw, 1024px\" \/><\/p>\n<p style=\"text-align: left;\">Dnevni boravak lijepo je ure\u0111en, multifunkcionalan, namijenjen za razne aktivnosti i dru\u017eenja domskih i vanjskih korisnika, te odr\u017eavanje seminara i edukacija.<\/p>\n<p style=\"text-align: left;\">Radionice zdrave hrane, dru\u0161tvene igre, grupe dosje\u0107anja, kreativne radionice, koncerti i sli\u010dno, samo su neke od aktivnosti koje se tamo odr\u017eavaju.<\/p>\n<p style=\"text-align: left;\">Korisnicima Doma omogu\u0107eno je bavljenje raznim rekreativnim aktivnostima poput svakodnevne, njima prilago\u0111ene, tjelovje\u017ebe, vise\u0107e kuglane, \u0161aha, kartanja, knji\u017enice, kreativne radionice, pjeva\u010dkog zbora, boravka u vrtu sa natkrivenom terasom i \u0161etnicom. Organiziramo proslave povodom blagdana i ro\u0111endana \u0161ti\u0107enika doma.<\/p>\n<p style=\"text-align: left;\">Stru\u010dno osoblje osmi\u0161ljava i organizirana raznovrsne programe za kvalitetno provo\u0111enje slobodnog vremena.<\/p>\n<p><img loading=\"lazy\" decoding=\"async\" class=\"alignnone size-large wp-image-4791\" src=\"http:\/\/dom-glina.hr\/wp-content\/uploads\/2020\/11\/knjiznica-1024x497.jpg\" alt=\"knji\u017enica u Domu Glina\" width=\"1024\" height=\"497\" srcset=\"https:\/\/dom-glina.hr\/wp-content\/uploads\/2020\/11\/knjiznica.jpg 1024w, https:\/\/dom-glina.hr\/wp-content\/uploads\/2020\/11\/knjiznica-300x146.jpg 300w, https:\/\/dom-glina.hr\/wp-content\/uploads\/2020\/11\/knjiznica-768x373.jpg 768w\" sizes=\"(max-width: 1024px) 100vw, 1024px\" \/><\/p>\n<p>&nbsp;<\/p>\n<p style=\"text-align: left;\"><strong>PREHRANA<\/strong><\/p>\n<p style=\"text-align: left;\">Prehrani korisnika pru\u017ea se iznimna pa\u017enja i individualni pristup za korisnike razli\u010ditih prehrambenih i zdravstvenih potreba. Svakodnevno se poslu\u017euju tri glavna i jedan me\u0111uobrok.<\/p>\n<p style=\"text-align: left;\">Kuhinja Doma opremljena je najsuvremenijom opremom i strojevima u skladu sa HACCP sustavom.<\/p>\n<!-- default-view.php -->\n<div\n\tclass=\"ngg-galleryoverview default-view \n\t ngg-ajax-pagination-none\t\"\n\tid=\"ngg-gallery-d0e38646886e73cc2883711e79fa912d-1\">\n\n\t\t<!-- Thumbnails -->\n\t\t\t\t<div id=\"ngg-image-0\" class=\"ngg-gallery-thumbnail-box \n\t\t\t\t\t\t\t\t\t\t\t\" \n\t\t\t>\n\t\t\t\t\t\t<div class=\"ngg-gallery-thumbnail\">\n\t\t\t<a href=\"https:\/\/dom-glina.hr\/wp-content\/gallery\/kuhinja\/Picture1.jpg\"\n\t\t\t\ttitle=\"\"\n\t\t\t\tdata-src=\"https:\/\/dom-glina.hr\/wp-content\/gallery\/kuhinja\/Picture1.jpg\"\n\t\t\t\tdata-thumbnail=\"https:\/\/dom-glina.hr\/wp-content\/gallery\/kuhinja\/thumbs\/thumbs_Picture1.jpg\"\n\t\t\t\tdata-image-id=\"1361\"\n\t\t\t\tdata-title=\"Kuhinja 1\"\n\t\t\t\tdata-description=\"\"\n\t\t\t\tdata-image-slug=\"picture1-4\"\n\t\t\t\tclass=\"ngg-fancybox\" rel=\"d0e38646886e73cc2883711e79fa912d\">\n\t\t\t\t<img\n\t\t\t\t\ttitle=\"Kuhinja 1\"\n\t\t\t\t\talt=\"Kuhinja 1\"\n\t\t\t\t\tsrc=\"https:\/\/dom-glina.hr\/wp-content\/gallery\/kuhinja\/thumbs\/thumbs_Picture1.jpg\"\n\t\t\t\t\twidth=\"240\"\n\t\t\t\t\theight=\"160\"\n\t\t\t\t\tstyle=\"max-width:100%;\"\n\t\t\t\t\/>\n\t\t\t<\/a>\n\t\t<\/div>\n\t\t\t\t\t\t\t<\/div> \n\t\t\t\n\t\t\t\t<div id=\"ngg-image-1\" class=\"ngg-gallery-thumbnail-box \n\t\t\t\t\t\t\t\t\t\t\t\" \n\t\t\t>\n\t\t\t\t\t\t<div class=\"ngg-gallery-thumbnail\">\n\t\t\t<a href=\"https:\/\/dom-glina.hr\/wp-content\/gallery\/kuhinja\/Picture2.jpg\"\n\t\t\t\ttitle=\"\"\n\t\t\t\tdata-src=\"https:\/\/dom-glina.hr\/wp-content\/gallery\/kuhinja\/Picture2.jpg\"\n\t\t\t\tdata-thumbnail=\"https:\/\/dom-glina.hr\/wp-content\/gallery\/kuhinja\/thumbs\/thumbs_Picture2.jpg\"\n\t\t\t\tdata-image-id=\"1362\"\n\t\t\t\tdata-title=\"Kuhinja 2\"\n\t\t\t\tdata-description=\"\"\n\t\t\t\tdata-image-slug=\"picture2-4\"\n\t\t\t\tclass=\"ngg-fancybox\" rel=\"d0e38646886e73cc2883711e79fa912d\">\n\t\t\t\t<img\n\t\t\t\t\ttitle=\"Kuhinja 2\"\n\t\t\t\t\talt=\"Kuhinja 2\"\n\t\t\t\t\tsrc=\"https:\/\/dom-glina.hr\/wp-content\/gallery\/kuhinja\/thumbs\/thumbs_Picture2.jpg\"\n\t\t\t\t\twidth=\"240\"\n\t\t\t\t\theight=\"160\"\n\t\t\t\t\tstyle=\"max-width:100%;\"\n\t\t\t\t\/>\n\t\t\t<\/a>\n\t\t<\/div>\n\t\t\t\t\t\t\t<\/div> \n\t\t\t\n\t\t\t\t<div id=\"ngg-image-2\" class=\"ngg-gallery-thumbnail-box \n\t\t\t\t\t\t\t\t\t\t\t\" \n\t\t\t>\n\t\t\t\t\t\t<div class=\"ngg-gallery-thumbnail\">\n\t\t\t<a href=\"https:\/\/dom-glina.hr\/wp-content\/gallery\/kuhinja\/Picture3.jpg\"\n\t\t\t\ttitle=\"\"\n\t\t\t\tdata-src=\"https:\/\/dom-glina.hr\/wp-content\/gallery\/kuhinja\/Picture3.jpg\"\n\t\t\t\tdata-thumbnail=\"https:\/\/dom-glina.hr\/wp-content\/gallery\/kuhinja\/thumbs\/thumbs_Picture3.jpg\"\n\t\t\t\tdata-image-id=\"1363\"\n\t\t\t\tdata-title=\"Kuhinja 3\"\n\t\t\t\tdata-description=\"\"\n\t\t\t\tdata-image-slug=\"picture3-2\"\n\t\t\t\tclass=\"ngg-fancybox\" rel=\"d0e38646886e73cc2883711e79fa912d\">\n\t\t\t\t<img\n\t\t\t\t\ttitle=\"Kuhinja 3\"\n\t\t\t\t\talt=\"Kuhinja 3\"\n\t\t\t\t\tsrc=\"https:\/\/dom-glina.hr\/wp-content\/gallery\/kuhinja\/thumbs\/thumbs_Picture3.jpg\"\n\t\t\t\t\twidth=\"240\"\n\t\t\t\t\theight=\"160\"\n\t\t\t\t\tstyle=\"max-width:100%;\"\n\t\t\t\t\/>\n\t\t\t<\/a>\n\t\t<\/div>\n\t\t\t\t\t\t\t<\/div> \n\t\t\t\n\t\t\t\t<div id=\"ngg-image-3\" class=\"ngg-gallery-thumbnail-box \n\t\t\t\t\t\t\t\t\t\t\t\" \n\t\t\t>\n\t\t\t\t\t\t<div class=\"ngg-gallery-thumbnail\">\n\t\t\t<a href=\"https:\/\/dom-glina.hr\/wp-content\/gallery\/kuhinja\/Picture4.jpg\"\n\t\t\t\ttitle=\"\"\n\t\t\t\tdata-src=\"https:\/\/dom-glina.hr\/wp-content\/gallery\/kuhinja\/Picture4.jpg\"\n\t\t\t\tdata-thumbnail=\"https:\/\/dom-glina.hr\/wp-content\/gallery\/kuhinja\/thumbs\/thumbs_Picture4.jpg\"\n\t\t\t\tdata-image-id=\"1364\"\n\t\t\t\tdata-title=\"Kuhinja 4\"\n\t\t\t\tdata-description=\"\"\n\t\t\t\tdata-image-slug=\"picture4-1\"\n\t\t\t\tclass=\"ngg-fancybox\" rel=\"d0e38646886e73cc2883711e79fa912d\">\n\t\t\t\t<img\n\t\t\t\t\ttitle=\"Kuhinja 4\"\n\t\t\t\t\talt=\"Kuhinja 4\"\n\t\t\t\t\tsrc=\"https:\/\/dom-glina.hr\/wp-content\/gallery\/kuhinja\/thumbs\/thumbs_Picture4.jpg\"\n\t\t\t\t\twidth=\"240\"\n\t\t\t\t\theight=\"160\"\n\t\t\t\t\tstyle=\"max-width:100%;\"\n\t\t\t\t\/>\n\t\t\t<\/a>\n\t\t<\/div>\n\t\t\t\t\t\t\t<\/div> \n\t\t\t\n\t\n\t<br style=\"clear: both\" \/>\n\n\t\n\t\t<!-- Pagination -->\n\t\t<div class='ngg-clear'><\/div>\t<\/div>\n\n<p>&nbsp;<\/p>\n<p><strong>POMO\u0106 U KU\u0106I: <\/strong><br \/>\n<strong>USLUGE OBROKA IZVANINSTITUCIJSKIM KORISNICIMA I USLUGE PRANJA I GLA\u010cANJA<\/strong><\/p>\n<ul>\n<li>usluga obroka za vanjske korisnike &#8211; 4,00 EUR<\/li>\n<li>dostava ru\u010dka 1,50 EUR<\/li>\n<li>usluga pranja i gla\u010danja &#8211; 2,00 EUR<\/li>\n<li>pomo\u0107 u ku\u0107i &#8211; 10,00 EUR<\/li>\n<\/ul>\n<p><strong>Obratite nam se:<\/strong><\/p>\n<ul>\n<li>Telefon: 044\/551-005, 044\/551-000<\/li>\n<li>E-mail: socijalna.radnica@dom-glina.hr, kontakt@dom-glina.hr<\/li>\n<\/ul>\n<p><strong>Potrebna dokumentacija:<\/strong><\/p>\n<ul>\n<li>zahtjev dostupan na web stranicama ili na recepciji Doma<br \/>\n(<a href=\"https:\/\/dom-glina.hr\/?page_id=956\"><span style=\"text-decoration: underline; color: #3366ff;\"><em>https:\/\/dom-glina.hr\/?page_id=956<\/em><\/span><\/a>)<\/li>\n<li>lije\u010dni\u010dka potvrda dostupna na web stranicama ili na recepciji Doma (za usluge pranja i gla\u010danja nije potrebna)<br \/>\n(<a href=\"https:\/\/dom-glina.hr\/?page_id=956\"><span style=\"text-decoration: underline; color: #3366ff;\"><em>https:\/\/dom-glina.hr\/?page_id=956<\/em><\/span><\/a>)<\/li>\n<li>preslika osobne iskaznice<\/li>\n<li>potvrda o mirovini<\/li>\n<\/ul>\n<p><!-- default-view.php -->\n<div\n\tclass=\"ngg-galleryoverview default-view \n\t ngg-ajax-pagination-none\t\"\n\tid=\"ngg-gallery-debe091e5cfc384f8fc3ee9afa40b2c8-1\">\n\n\t\t<!-- Thumbnails -->\n\t\t\t\t<div id=\"ngg-image-0\" class=\"ngg-gallery-thumbnail-box \n\t\t\t\t\t\t\t\t\t\t\t\" \n\t\t\t>\n\t\t\t\t\t\t<div class=\"ngg-gallery-thumbnail\">\n\t\t\t<a href=\"https:\/\/dom-glina.hr\/wp-content\/gallery\/izvaninstitucijske-usluge-toplih-obroka\/1000028414.jpg\"\n\t\t\t\ttitle=\"\"\n\t\t\t\tdata-src=\"https:\/\/dom-glina.hr\/wp-content\/gallery\/izvaninstitucijske-usluge-toplih-obroka\/1000028414.jpg\"\n\t\t\t\tdata-thumbnail=\"https:\/\/dom-glina.hr\/wp-content\/gallery\/izvaninstitucijske-usluge-toplih-obroka\/thumbs\/thumbs_1000028414.jpg\"\n\t\t\t\tdata-image-id=\"1469\"\n\t\t\t\tdata-title=\"1000028414\"\n\t\t\t\tdata-description=\"\"\n\t\t\t\tdata-image-slug=\"1000028414\"\n\t\t\t\tclass=\"ngg-fancybox\" rel=\"debe091e5cfc384f8fc3ee9afa40b2c8\">\n\t\t\t\t<img\n\t\t\t\t\ttitle=\"1000028414\"\n\t\t\t\t\talt=\"1000028414\"\n\t\t\t\t\tsrc=\"https:\/\/dom-glina.hr\/wp-content\/gallery\/izvaninstitucijske-usluge-toplih-obroka\/thumbs\/thumbs_1000028414.jpg\"\n\t\t\t\t\twidth=\"240\"\n\t\t\t\t\theight=\"160\"\n\t\t\t\t\tstyle=\"max-width:100%;\"\n\t\t\t\t\/>\n\t\t\t<\/a>\n\t\t<\/div>\n\t\t\t\t\t\t\t<\/div> \n\t\t\t\n\t\t\t\t<div id=\"ngg-image-1\" class=\"ngg-gallery-thumbnail-box \n\t\t\t\t\t\t\t\t\t\t\t\" \n\t\t\t>\n\t\t\t\t\t\t<div class=\"ngg-gallery-thumbnail\">\n\t\t\t<a href=\"https:\/\/dom-glina.hr\/wp-content\/gallery\/izvaninstitucijske-usluge-toplih-obroka\/1000028419.jpg\"\n\t\t\t\ttitle=\"\"\n\t\t\t\tdata-src=\"https:\/\/dom-glina.hr\/wp-content\/gallery\/izvaninstitucijske-usluge-toplih-obroka\/1000028419.jpg\"\n\t\t\t\tdata-thumbnail=\"https:\/\/dom-glina.hr\/wp-content\/gallery\/izvaninstitucijske-usluge-toplih-obroka\/thumbs\/thumbs_1000028419.jpg\"\n\t\t\t\tdata-image-id=\"1470\"\n\t\t\t\tdata-title=\"1000028419\"\n\t\t\t\tdata-description=\"\"\n\t\t\t\tdata-image-slug=\"1000028419\"\n\t\t\t\tclass=\"ngg-fancybox\" rel=\"debe091e5cfc384f8fc3ee9afa40b2c8\">\n\t\t\t\t<img\n\t\t\t\t\ttitle=\"1000028419\"\n\t\t\t\t\talt=\"1000028419\"\n\t\t\t\t\tsrc=\"https:\/\/dom-glina.hr\/wp-content\/gallery\/izvaninstitucijske-usluge-toplih-obroka\/thumbs\/thumbs_1000028419.jpg\"\n\t\t\t\t\twidth=\"240\"\n\t\t\t\t\theight=\"160\"\n\t\t\t\t\tstyle=\"max-width:100%;\"\n\t\t\t\t\/>\n\t\t\t<\/a>\n\t\t<\/div>\n\t\t\t\t\t\t\t<\/div> \n\t\t\t\n\t\t\t\t<div id=\"ngg-image-2\" class=\"ngg-gallery-thumbnail-box \n\t\t\t\t\t\t\t\t\t\t\t\" \n\t\t\t>\n\t\t\t\t\t\t<div class=\"ngg-gallery-thumbnail\">\n\t\t\t<a href=\"https:\/\/dom-glina.hr\/wp-content\/gallery\/izvaninstitucijske-usluge-toplih-obroka\/1000028415.jpg\"\n\t\t\t\ttitle=\"\"\n\t\t\t\tdata-src=\"https:\/\/dom-glina.hr\/wp-content\/gallery\/izvaninstitucijske-usluge-toplih-obroka\/1000028415.jpg\"\n\t\t\t\tdata-thumbnail=\"https:\/\/dom-glina.hr\/wp-content\/gallery\/izvaninstitucijske-usluge-toplih-obroka\/thumbs\/thumbs_1000028415.jpg\"\n\t\t\t\tdata-image-id=\"1471\"\n\t\t\t\tdata-title=\"1000028415\"\n\t\t\t\tdata-description=\"\"\n\t\t\t\tdata-image-slug=\"1000028415\"\n\t\t\t\tclass=\"ngg-fancybox\" rel=\"debe091e5cfc384f8fc3ee9afa40b2c8\">\n\t\t\t\t<img\n\t\t\t\t\ttitle=\"1000028415\"\n\t\t\t\t\talt=\"1000028415\"\n\t\t\t\t\tsrc=\"https:\/\/dom-glina.hr\/wp-content\/gallery\/izvaninstitucijske-usluge-toplih-obroka\/thumbs\/thumbs_1000028415.jpg\"\n\t\t\t\t\twidth=\"240\"\n\t\t\t\t\theight=\"160\"\n\t\t\t\t\tstyle=\"max-width:100%;\"\n\t\t\t\t\/>\n\t\t\t<\/a>\n\t\t<\/div>\n\t\t\t\t\t\t\t<\/div> \n\t\t\t\n\t\t\t\t<div id=\"ngg-image-3\" class=\"ngg-gallery-thumbnail-box \n\t\t\t\t\t\t\t\t\t\t\t\" \n\t\t\t>\n\t\t\t\t\t\t<div class=\"ngg-gallery-thumbnail\">\n\t\t\t<a href=\"https:\/\/dom-glina.hr\/wp-content\/gallery\/izvaninstitucijske-usluge-toplih-obroka\/1000028417.jpg\"\n\t\t\t\ttitle=\"\"\n\t\t\t\tdata-src=\"https:\/\/dom-glina.hr\/wp-content\/gallery\/izvaninstitucijske-usluge-toplih-obroka\/1000028417.jpg\"\n\t\t\t\tdata-thumbnail=\"https:\/\/dom-glina.hr\/wp-content\/gallery\/izvaninstitucijske-usluge-toplih-obroka\/thumbs\/thumbs_1000028417.jpg\"\n\t\t\t\tdata-image-id=\"1472\"\n\t\t\t\tdata-title=\"1000028417\"\n\t\t\t\tdata-description=\"\"\n\t\t\t\tdata-image-slug=\"1000028417\"\n\t\t\t\tclass=\"ngg-fancybox\" rel=\"debe091e5cfc384f8fc3ee9afa40b2c8\">\n\t\t\t\t<img\n\t\t\t\t\ttitle=\"1000028417\"\n\t\t\t\t\talt=\"1000028417\"\n\t\t\t\t\tsrc=\"https:\/\/dom-glina.hr\/wp-content\/gallery\/izvaninstitucijske-usluge-toplih-obroka\/thumbs\/thumbs_1000028417.jpg\"\n\t\t\t\t\twidth=\"240\"\n\t\t\t\t\theight=\"160\"\n\t\t\t\t\tstyle=\"max-width:100%;\"\n\t\t\t\t\/>\n\t\t\t<\/a>\n\t\t<\/div>\n\t\t\t\t\t\t\t<\/div> \n\t\t\t\n\t\t\t\t<div id=\"ngg-image-4\" class=\"ngg-gallery-thumbnail-box \n\t\t\t\t\t\t\t\t\t\t\t\" \n\t\t\t>\n\t\t\t\t\t\t<div class=\"ngg-gallery-thumbnail\">\n\t\t\t<a href=\"https:\/\/dom-glina.hr\/wp-content\/gallery\/izvaninstitucijske-usluge-toplih-obroka\/Picture1.jpg\"\n\t\t\t\ttitle=\"\"\n\t\t\t\tdata-src=\"https:\/\/dom-glina.hr\/wp-content\/gallery\/izvaninstitucijske-usluge-toplih-obroka\/Picture1.jpg\"\n\t\t\t\tdata-thumbnail=\"https:\/\/dom-glina.hr\/wp-content\/gallery\/izvaninstitucijske-usluge-toplih-obroka\/thumbs\/thumbs_Picture1.jpg\"\n\t\t\t\tdata-image-id=\"1473\"\n\t\t\t\tdata-title=\"Picture1\"\n\t\t\t\tdata-description=\"\"\n\t\t\t\tdata-image-slug=\"picture1-6\"\n\t\t\t\tclass=\"ngg-fancybox\" rel=\"debe091e5cfc384f8fc3ee9afa40b2c8\">\n\t\t\t\t<img\n\t\t\t\t\ttitle=\"Picture1\"\n\t\t\t\t\talt=\"Picture1\"\n\t\t\t\t\tsrc=\"https:\/\/dom-glina.hr\/wp-content\/gallery\/izvaninstitucijske-usluge-toplih-obroka\/thumbs\/thumbs_Picture1.jpg\"\n\t\t\t\t\twidth=\"240\"\n\t\t\t\t\theight=\"160\"\n\t\t\t\t\tstyle=\"max-width:100%;\"\n\t\t\t\t\/>\n\t\t\t<\/a>\n\t\t<\/div>\n\t\t\t\t\t\t\t<\/div> \n\t\t\t\n\t\n\t<br style=\"clear: both\" \/>\n\n\t\n\t\t<!-- Pagination -->\n\t\t<div class='ngg-clear'><\/div>\t<\/div>\n<img loading=\"lazy\" decoding=\"async\" class=\"alignnone size-full wp-image-6891\" src=\"https:\/\/dom-glina.hr\/wp-content\/uploads\/2024\/06\/pomoc-u-kuci.jpg\" alt=\"Pomo\u0107 u ku\u0107i - usluga Doma\" width=\"800\" height=\"931\" srcset=\"https:\/\/dom-glina.hr\/wp-content\/uploads\/2024\/06\/pomoc-u-kuci.jpg 800w, https:\/\/dom-glina.hr\/wp-content\/uploads\/2024\/06\/pomoc-u-kuci-258x300.jpg 258w, https:\/\/dom-glina.hr\/wp-content\/uploads\/2024\/06\/pomoc-u-kuci-768x894.jpg 768w\" sizes=\"(max-width: 800px) 100vw, 800px\" \/><\/p>\n<p>&nbsp;<\/p>\n","protected":false},"excerpt":{"rendered":"<p>STAMBENI SMJE\u0160TAJ &nbsp; Stambeni smje\u0161taj obuhva\u0107a smje\u0161taj u jednokrevetnim, dvokrevetnim i trokrevetnim sobama raspore\u0111enim na I katu Doma. Njihova opremljenost u potpunosti je svojom funkcijom, kvalitetom i ergonomijom prilago\u0111ena kori\u0161tenju osoba starije \u017eivotne dobi. Prehrana osoba zbrinutih u stambenom smje\u0161taju obuhva\u0107a tri glavna obroka \u2013 doru\u010dak, ru\u010dak i ve\u010deru te jedan me\u0111uobrok uskla\u0111ena s normativima&hellip;<\/p>\n","protected":false},"author":1,"featured_media":0,"parent":0,"menu_order":101,"comment_status":"closed","ping_status":"closed","template":"","meta":{"_monsterinsights_skip_tracking":false,"_monsterinsights_sitenote_active":false,"_monsterinsights_sitenote_note":"","_monsterinsights_sitenote_category":0,"ngg_post_thumbnail":0,"footnotes":""},"aioseo_notices":[],"_links":{"self":[{"href":"https:\/\/dom-glina.hr\/index.php?rest_route=\/wp\/v2\/pages\/4711"}],"collection":[{"href":"https:\/\/dom-glina.hr\/index.php?rest_route=\/wp\/v2\/pages"}],"about":[{"href":"https:\/\/dom-glina.hr\/index.php?rest_route=\/wp\/v2\/types\/page"}],"author":[{"embeddable":true,"href":"https:\/\/dom-glina.hr\/index.php?rest_route=\/wp\/v2\/users\/1"}],"replies":[{"embeddable":true,"href":"https:\/\/dom-glina.hr\/index.php?rest_route=%2Fwp%2Fv2%2Fcomments&post=4711"}],"version-history":[{"count":17,"href":"https:\/\/dom-glina.hr\/index.php?rest_route=\/wp\/v2\/pages\/4711\/revisions"}],"predecessor-version":[{"id":6900,"href":"https:\/\/dom-glina.hr\/index.php?rest_route=\/wp\/v2\/pages\/4711\/revisions\/6900"}],"wp:attachment":[{"href":"https:\/\/dom-glina.hr\/index.php?rest_route=%2Fwp%2Fv2%2Fmedia&parent=4711"}],"curies":[{"name":"wp","href":"https:\/\/api.w.org\/{rel}","templated":true}]}}